{"id":282,"date":"2025-06-18T22:00:01","date_gmt":"2025-06-18T20:00:01","guid":{"rendered":"https:\/\/www.yukisan-naturo.fr\/?page_id=282"},"modified":"2025-07-15T18:58:46","modified_gmt":"2025-07-15T16:58:46","slug":"qui-suis-je","status":"publish","type":"page","link":"https:\/\/www.yukisan-naturo.fr\/index.php\/qui-suis-je\/","title":{"rendered":"Qui suis-je ?"},"content":{"rendered":"\n<p class=\"has-text-color has-link-color has-large-font-size wp-elements-53b197772d6d7d7e6de7612d17fe4ef9\" style=\"color:#046e71\">\ud83c\udf3f \u00c0 propos de moi<\/p>\n\n\n\n<p class=\"has-text-color has-link-color has-medium-font-size wp-elements-58605de182fad8391ef2d01cfe0c9c45\" style=\"color:#d69a02\">Bienvenue, je suis Tiphaine Boirat<\/p>\n\n\n\n<p class=\"has-text-color has-link-color wp-elements-58a098701df256ab5d565e6cc8257e3a\" style=\"color:#d69a02\"><strong>Praticienne en naturopathie et conseill\u00e8re en micronutrition<\/strong>, j\u2019accompagne les femmes et les hommes qui souhaitent retrouver \u00e9nergie, \u00e9quilibre et s\u00e9r\u00e9nit\u00e9 dans leur vie.<\/p>\n\n\n\n<p class=\"has-text-color has-link-color has-large-font-size wp-elements-dae790bb506f408922ecd51a697e658a\" style=\"color:#046e71\">\ud83c\udf38 Une vocation n\u00e9e du c\u0153ur<\/p>\n\n\n\n<p class=\"has-text-color has-link-color wp-elements-296d6cf42d3de76ed86cdaf46979362f\" style=\"color:#d69a02\">Pendant longtemps, j\u2019ai moi-m\u00eame \u00e9t\u00e9 confront\u00e9e \u00e0 des d\u00e9s\u00e9quilibres physiques et \u00e9motionnels, face auxquels je ne trouvais que des solutions temporaires, souvent centr\u00e9es sur les sympt\u00f4mes.<\/p>\n\n\n\n<p class=\"has-text-color has-link-color wp-elements-4ee6127009d75712c3a033763d22753f\" style=\"color:#d69a02\">Ce chemin personnel m\u2019a conduite \u00e0 <strong>explorer les approches naturelles<\/strong>, et tr\u00e8s vite, c\u2019est devenu une \u00e9vidence :<\/p>\n\n\n\n<p class=\"has-text-color has-link-color wp-elements-4c3290888199807ae0d4688c213e26ff\" style=\"color:#d69a02\">Prendre soin de soi passe avant tout par l\u2019\u00e9coute, la douceur, et une approche globale du corps et de l\u2019esprit.<\/p>\n\n\n\n<p class=\"has-text-color has-link-color has-large-font-size wp-elements-96f1d0797c8d39c8fbd79efcf7a21eb9\" style=\"color:#046e71\">\ud83d\udca1 Mon approche aujourd\u2019hui<\/p>\n\n\n\n<p class=\"has-text-color has-link-color wp-elements-8d1fbbfeb7fe4429d7b38c6d73f0a070\" style=\"color:#d69a02\">Je propose un <strong>accompagnement individualis\u00e9<\/strong>, dans la bienveillance et sans jugement.<br>Chaque personne est unique, c\u2019est pourquoi mes rendez-vous sont pens\u00e9es <strong>sur-mesure<\/strong>, en fonction de vos besoins, de votre rythme et de vos objectifs.<\/p>\n\n\n\n<p class=\"has-text-color has-link-color wp-elements-0b29072eb64c06b1170f29701a7b9630\" style=\"color:#d69a02\">Pour cela, j\u2019utilise des outils compl\u00e9mentaires et naturels :<\/p>\n\n\n\n<p class=\"has-text-color has-link-color wp-elements-28dab56e143d5206116b81a6054673da\" style=\"color:#d69a02\">\ud83c\udf31 <strong>Naturopathie<\/strong><\/p>\n\n\n\n<p class=\"has-text-color has-link-color wp-elements-ee1bb3ee9fba01a8d1a537df5e999469\" style=\"color:#d69a02\">\ud83e\uddec <strong>Micronutrition<\/strong><\/p>\n\n\n\n<p class=\"has-text-color has-link-color wp-elements-fa389c1a13f4c41ae40c9059c6b428f9\" style=\"color:#d69a02\">\ud83d\udca7 <strong>Aromath\u00e9rapie<\/strong><\/p>\n\n\n\n<p class=\"has-text-color has-link-color wp-elements-bb39a3249399c5cf372a0c2bd3e05adc\" style=\"color:#d69a02\">\u2728 <strong>Reiki<\/strong><\/p>\n\n\n\n<p class=\"has-text-color has-link-color wp-elements-b9303f994b63edfb796c45b61d0442e2\" style=\"color:#d69a02\">\ud83c\udf3f Et surtout, ma <strong>m\u00e9thode V.I.T.A.L.E.<\/strong>, un accompagnement holistique en six \u00e9tapes<\/p>\n\n\n\n<p class=\"has-text-color has-link-color has-large-font-size wp-elements-e70709f6526bf84e5c1d1d8b5201c37a\" style=\"color:#046e71\">\ud83d\udcac Ce que l\u2019on me dit souvent ?<\/p>\n\n\n\n<p class=\"has-text-color has-link-color wp-elements-0c0585fad4ebd1d23c48b6ee8b9b2e17\" style=\"color:#d69a02\">Que je suis douce, \u00e0 l\u2019\u00e9coute, et que l\u2019on se sent rapidement en confiance.<br>Mon souhait est que chaque s\u00e9ance vous permette de <strong>vous reconnecter \u00e0 vous-m\u00eame<\/strong>, avec des cl\u00e9s concr\u00e8tes pour retrouver votre vitalit\u00e9 naturelle.<\/p>\n\n\n\n<p class=\"has-text-color has-link-color has-large-font-size wp-elements-4b5b69723a5503ad0416f463f9593ec0\" style=\"color:#046e71\">\ud83e\udd1d Ce que je vous propose<\/p>\n\n\n\n<p class=\"has-text-color has-link-color wp-elements-f725717615ca28c54d314e80ebdac0c3\" style=\"color:#d69a02\">Que vous traversiez une p\u00e9riode de fatigue, de stress, des troubles digestifs, hormonaux ou \u00e9motionnels, je suis l\u00e0 pour vous accompagner avec des outils naturels et accessibles.<\/p>\n\n\n\n<p class=\"has-text-color has-link-color wp-elements-f45cfdf1b7b45093b4020a47f90f8ed6\" style=\"color:#d69a02\">\ud83d\udd0d Je vous propose un <strong>appel d\u00e9couverte gratuit<\/strong> pour \u00e9changer autour de votre situation, en toute simplicit\u00e9.<\/p>\n\n\n\n<p class=\"has-text-color has-link-color has-large-font-size wp-elements-036c336bc0765f2c71d56ced61d54a20\" style=\"color:#046e71\">\ud83d\udccd O\u00f9 me trouver ?<\/p>\n\n\n\n<p class=\"has-text-color has-link-color wp-elements-5ee253c2f5a3b0219340a3da8f90fe89\" style=\"color:#d69a02\">Je vous accueille en <strong>rendez-vous individuelle<\/strong>, en cabinet ou en ligne, selon vos disponibilit\u00e9s et pr\u00e9f\u00e9rences.<br>Des <strong>ateliers en petits groupes<\/strong> sont \u00e9galement propos\u00e9s tout au long de l\u2019ann\u00e9e.<\/p>\n\n\n\n<p class=\"has-text-color has-link-color has-large-font-size wp-elements-0a3a683652d48096c4f21b682e7a0bb9\" style=\"color:#046e71\">\ud83d\udc97 Envie de faire un pas vers vous ?<\/p>\n\n\n\n<p class=\"has-text-color has-link-color wp-elements-a64ca0603dc4910dab8dd7c2219e2a96\" style=\"color:#d69a02\">Prenons le temps d\u2019\u00e9changer.<br>\ud83c\udfaf R\u00e9servez votre appel d\u00e9couverte ou votre premier rendez-vous d\u00e8s aujourd\u2019hui.<\/p>\n\n\n\n<p class=\"has-text-color has-link-color has-large-font-size wp-elements-d01800719c09307974b3b8570a29a2cd\" style=\"color:#046e71\">\ud83e\udd0d Appel d\u00e9couverte \u2013 Offert<\/p>\n\n\n\n<p class=\"has-text-color has-link-color wp-elements-b78f5b872ac19d59fd8f8e61b2b0d166\" style=\"color:#d69a02\"><strong>Vous h\u00e9sitez ? Vous avez des questions avant de vous lancer ?<\/strong><\/p>\n\n\n\n<p class=\"has-text-color has-link-color wp-elements-602c4103344d9fdce086534d935705f5\" style=\"color:#d69a02\"><strong>Je vous propose un appel d\u00e9couverte <strong>gratuit de 30 minutes<\/strong> pour faire connaissance, comprendre vos besoins, et voir si mon accompagnement vous correspond.<\/strong><\/p>\n\n\n\n<p class=\"has-text-color has-link-color wp-elements-ac5fc60edbbf4eb20ad6e15323499fff\" style=\"color:#d69a02\"><strong>Cet \u00e9change est <strong>sans engagement<\/strong>, bienveillant, et confidentiel.<\/strong><\/p>\n\n\n\n<p class=\"has-text-color has-link-color wp-elements-3a0a8bf0f9574a739e10221d72b02a5c\" style=\"color:#d69a02\"><strong>\ud83c\udf3f <em>\u201cC\u2019est souvent un petit pas qui change beaucoup de choses.\u201d<\/em><\/strong><\/p>\n\n\n\n<p class=\"has-text-color has-link-color wp-elements-739d895de1228069f576bca2415e4248\" style=\"color:#d69a02\"><strong>\ud83d\udcc6 Contactez-moi via <a href=\"https:\/\/www.yukisan-naturo.fr\/index.php\/formulaire-de-contact\/\" data-type=\"link\" data-id=\"https:\/\/www.yukisan-naturo.fr\/index.php\/formulaire-de-contact\/\">le formulaire de contact<\/a>.<\/strong><\/p>\n\n\n\n<p><\/p>\n","protected":false},"excerpt":{"rendered":"<p>\ud83c\udf3f \u00c0 propos de moi Bienvenue, je suis Tiphaine Boirat Praticienne en naturopathie et conseill\u00e8re en micronutrition, j\u2019accompagne les femmes et les hommes qui souhaitent retrouver \u00e9nergie, \u00e9quilibre et s\u00e9r\u00e9nit\u00e9 &hellip; <\/p>\n","protected":false},"author":1,"featured_media":0,"parent":0,"menu_order":0,"comment_status":"closed","ping_status":"closed","template":"","meta":{"footnotes":""},"class_list":["post-282","page","type-page","status-publish","hentry"],"_links":{"self":[{"href":"https:\/\/www.yukisan-naturo.fr\/index.php\/wp-json\/wp\/v2\/pages\/282","targetHints":{"allow":["GET"]}}],"collection":[{"href":"https:\/\/www.yukisan-naturo.fr\/index.php\/wp-json\/wp\/v2\/pages"}],"about":[{"href":"https:\/\/www.yukisan-naturo.fr\/index.php\/wp-json\/wp\/v2\/types\/page"}],"author":[{"embeddable":true,"href":"https:\/\/www.yukisan-naturo.fr\/index.php\/wp-json\/wp\/v2\/users\/1"}],"replies":[{"embeddable":true,"href":"https:\/\/www.yukisan-naturo.fr\/index.php\/wp-json\/wp\/v2\/comments?post=282"}],"version-history":[{"count":4,"href":"https:\/\/www.yukisan-naturo.fr\/index.php\/wp-json\/wp\/v2\/pages\/282\/revisions"}],"predecessor-version":[{"id":402,"href":"https:\/\/www.yukisan-naturo.fr\/index.php\/wp-json\/wp\/v2\/pages\/282\/revisions\/402"}],"wp:attachment":[{"href":"https:\/\/www.yukisan-naturo.fr\/index.php\/wp-json\/wp\/v2\/media?parent=282"}],"curies":[{"name":"wp","href":"https:\/\/api.w.org\/{rel}","templated":true}]}}